{"id":2795,"date":"2022-08-06T21:34:09","date_gmt":"2022-08-06T20:34:09","guid":{"rendered":"https:\/\/sanitarea.es\/sanitarea\/"},"modified":"2023-04-25T08:23:09","modified_gmt":"2023-04-25T07:23:09","slug":"sanitarea","status":"publish","type":"page","link":"https:\/\/sanitarea.es\/ca\/sanitarea\/","title":{"rendered":"Sanitarea"},"content":{"rendered":"\t\t<div data-elementor-type=\"wp-page\" data-elementor-id=\"2795\" class=\"elementor elementor-2795 elementor-41\" data-elementor-post-type=\"page\">\n\t\t\t\t\t\t<section class=\"elementor-section elementor-top-section elementor-element elementor-element-02f1652 elementor-section-content-middle elementor-section-full_width elementor-section-height-default elementor-section-height-default\" data-id=\"02f1652\" data-element_type=\"section\" id=\"about0\" data-settings=\"{&quot;shape_divider_bottom&quot;:&quot;waves&quot;,&quot;background_background&quot;:&quot;classic&quot;}\">\n\t\t\t\t\t\t\t<div class=\"elementor-background-overlay\"><\/div>\n\t\t\t\t\t\t<div class=\"elementor-shape elementor-shape-bottom\" aria-hidden=\"true\" data-negative=\"false\">\n\t\t\t<svg xmlns=\"http:\/\/www.w3.org\/2000\/svg\" viewBox=\"0 0 1000 100\" preserveAspectRatio=\"none\">\n\t<path class=\"elementor-shape-fill\" d=\"M421.9,6.5c22.6-2.5,51.5,0.4,75.5,5.3c23.6,4.9,70.9,23.5,100.5,35.7c75.8,32.2,133.7,44.5,192.6,49.7\n\tc23.6,2.1,48.7,3.5,103.4-2.5c54.7-6,106.2-25.6,106.2-25.6V0H0v30.3c0,0,72,32.6,158.4,30.5c39.2-0.7,92.8-6.7,134-22.4\n\tc21.2-8.1,52.2-18.2,79.7-24.2C399.3,7.9,411.6,7.5,421.9,6.5z\"\/>\n<\/svg>\t\t<\/div>\n\t\t\t\t\t<div class=\"elementor-container elementor-column-gap-default\">\n\t\t\t\t\t<div class=\"elementor-column elementor-col-100 elementor-top-column elementor-element elementor-element-e977d82\" data-id=\"e977d82\" data-element_type=\"column\">\n\t\t\t<div class=\"elementor-widget-wrap elementor-element-populated\">\n\t\t\t\t\t\t<section class=\"elementor-section elementor-inner-section elementor-element elementor-element-178b03f elementor-section-boxed elementor-section-height-default elementor-section-height-default\" data-id=\"178b03f\" data-element_type=\"section\" data-settings=\"{&quot;background_background&quot;:&quot;classic&quot;}\">\n\t\t\t\t\t\t<div class=\"elementor-container elementor-column-gap-default\">\n\t\t\t\t\t<div class=\"elementor-column elementor-col-50 elementor-inner-column elementor-element elementor-element-bf41208\" data-id=\"bf41208\" data-element_type=\"column\">\n\t\t\t<div class=\"elementor-widget-wrap elementor-element-populated\">\n\t\t\t\t\t\t<div class=\"elementor-element elementor-element-9f31906 elementor-widget elementor-widget-text-editor\" data-id=\"9f31906\" data-element_type=\"widget\" data-widget_type=\"text-editor.default\">\n\t\t\t\t<div class=\"elementor-widget-container\">\n\t\t\t\t\t\t\t\t\t<h1>Sanit\u00e0rea, <span class=\"subrayado\">al teu costat<\/span> quan m\u00e9s ho necessites<\/h1>\n\t\t\t\t\t\t\t\t<\/div>\n\t\t\t\t<\/div>\n\t\t\t\t<div class=\"elementor-element elementor-element-866d0d4 elementor-widget elementor-widget-text-editor\" data-id=\"866d0d4\" data-element_type=\"widget\" data-widget_type=\"text-editor.default\">\n\t\t\t\t<div class=\"elementor-widget-container\">\n\t\t\t\t\t\t\t\t\t<p>T&#8217;ensenyem a actuar de manera r\u00e0pida i adequada en situacions d&#8217;emerg\u00e8ncia i moments cr\u00edtics.<\/p>\n\t\t\t\t\t\t\t\t<\/div>\n\t\t\t\t<\/div>\n\t\t\t\t\t<\/div>\n\t\t<\/div>\n\t\t\t\t<div class=\"elementor-column elementor-col-50 elementor-inner-column elementor-element elementor-element-ad7f978 elementor-hidden-tablet elementor-hidden-mobile\" data-id=\"ad7f978\" data-element_type=\"column\">\n\t\t\t<div class=\"elementor-widget-wrap\">\n\t\t\t\t\t\t\t<\/div>\n\t\t<\/div>\n\t\t\t\t\t<\/div>\n\t\t<\/section>\n\t\t\t\t\t<\/div>\n\t\t<\/div>\n\t\t\t\t\t<\/div>\n\t\t<\/section>\n\t\t\t\t<section class=\"elementor-section elementor-top-section elementor-element elementor-element-e81d061 p100 elementor-section-boxed elementor-section-height-default elementor-section-height-default\" data-id=\"e81d061\" data-element_type=\"section\" id=\"about1\">\n\t\t\t\t\t\t<div class=\"elementor-container elementor-column-gap-default\">\n\t\t\t\t\t<div class=\"elementor-column elementor-col-100 elementor-top-column elementor-element elementor-element-09ae47f\" data-id=\"09ae47f\" data-element_type=\"column\">\n\t\t\t<div class=\"elementor-widget-wrap elementor-element-populated\">\n\t\t\t\t\t\t<div class=\"elementor-element elementor-element-7649dec elementor-widget elementor-widget-text-editor\" data-id=\"7649dec\" data-element_type=\"widget\" data-widget_type=\"text-editor.default\">\n\t\t\t\t<div class=\"elementor-widget-container\">\n\t\t\t\t\t\t\t\t\t<h2>Et preparem per a cuidar <span class=\"acqua\">dels m\u00e9s petits<\/span><\/h2>\n\t\t\t\t\t\t\t\t<\/div>\n\t\t\t\t<\/div>\n\t\t\t\t<section class=\"elementor-section elementor-inner-section elementor-element elementor-element-80a1823 elementor-section-boxed elementor-section-height-default elementor-section-height-default\" data-id=\"80a1823\" data-element_type=\"section\">\n\t\t\t\t\t\t<div class=\"elementor-container elementor-column-gap-default\">\n\t\t\t\t\t<div class=\"elementor-column elementor-col-50 elementor-inner-column elementor-element elementor-element-a1c6027\" data-id=\"a1c6027\" data-element_type=\"column\">\n\t\t\t<div class=\"elementor-widget-wrap elementor-element-populated\">\n\t\t\t\t\t\t<div class=\"elementor-element elementor-element-6d723f8 elementor-widget elementor-widget-text-editor\" data-id=\"6d723f8\" data-element_type=\"widget\" data-widget_type=\"text-editor.default\">\n\t\t\t\t<div class=\"elementor-widget-container\">\n\t\t\t\t\t\t\t\t\t<p>Els , nens i adolescents s\u00f3n especialment vulnerables a sofrir algunes malalties i accidents en el dia a dia com a cremades, ferides o episodis de febre. No obstant aix\u00f2, en algunes ocasions, poden veure&#8217;s afectats per situacions m\u00e9s greus, a vegades cr\u00edtiques, en les quals la vida del petit pot veure&#8217;s compromesa. S\u00f3n situacions quotidianes que, sovint, succeeixen gaireb\u00e9 sense adonar-nos. <\/p>\n\t\t\t\t\t\t\t\t<\/div>\n\t\t\t\t<\/div>\n\t\t\t\t\t<\/div>\n\t\t<\/div>\n\t\t\t\t<div class=\"elementor-column elementor-col-50 elementor-inner-column elementor-element elementor-element-100ba77 elementor-hidden-tablet\" data-id=\"100ba77\" data-element_type=\"column\">\n\t\t\t<div class=\"elementor-widget-wrap elementor-element-populated\">\n\t\t\t\t\t\t<div class=\"elementor-element elementor-element-4ec54a7 elementor-widget elementor-widget-text-editor\" data-id=\"4ec54a7\" data-element_type=\"widget\" data-widget_type=\"text-editor.default\">\n\t\t\t\t<div class=\"elementor-widget-container\">\n\t\t\t\t\t\t\t\t\t<p>\u00c9s en aquests moments en els quals una actuaci\u00f3 adequada, r\u00e0pida i efica\u00e7, es torna imprescindible. \u00c9s possible que sentis una certa inseguretat per no saber qu\u00e8 fer en aquesta mena de situacions o, fins i tot, per no saber recon\u00e8ixer els signes i s\u00edmptomes per a poder prevenir-les a temps. Sanit\u00e0rea t&#8217;ofereix cursos de primers auxilis en nens, nenes i , per a mares, pares i altres cuidadors, aix\u00ed com tamb\u00e9 per a professionals del sector educatiu. La teva tranquil\u00b7litat no t\u00e9 preu!<\/p>\n\t\t\t\t\t\t\t\t<\/div>\n\t\t\t\t<\/div>\n\t\t\t\t\t<\/div>\n\t\t<\/div>\n\t\t\t\t\t<\/div>\n\t\t<\/section>\n\t\t\t\t\t<\/div>\n\t\t<\/div>\n\t\t\t\t\t<\/div>\n\t\t<\/section>\n\t\t\t\t<section class=\"elementor-section elementor-top-section elementor-element elementor-element-f164111 elementor-section-content-middle pb100 elementor-section-boxed elementor-section-height-default elementor-section-height-default\" data-id=\"f164111\" data-element_type=\"section\" id=\"about2\">\n\t\t\t\t\t\t<div class=\"elementor-container elementor-column-gap-default\">\n\t\t\t\t\t<div class=\"elementor-column elementor-col-50 elementor-top-column elementor-element elementor-element-0479e94\" data-id=\"0479e94\" data-element_type=\"column\">\n\t\t\t<div class=\"elementor-widget-wrap elementor-element-populated\">\n\t\t\t\t\t\t<div class=\"elementor-element elementor-element-8ac1c31 elementor-widget elementor-widget-image\" data-id=\"8ac1c31\" data-element_type=\"widget\" data-widget_type=\"image.default\">\n\t\t\t\t<div class=\"elementor-widget-container\">\n\t\t\t\t\t\t\t\t\t\t\t\t\t\t\t<img fetchpriority=\"high\" decoding=\"async\" width=\"551\" height=\"560\" src=\"https:\/\/sanitarea.es\/wp-content\/uploads\/2022\/11\/Sanitarea.jpg\" class=\"attachment-full size-full wp-image-2891\" alt=\"\" srcset=\"https:\/\/sanitarea.es\/wp-content\/uploads\/2022\/11\/Sanitarea.jpg 551w, https:\/\/sanitarea.es\/wp-content\/uploads\/2022\/11\/Sanitarea-295x300.jpg 295w\" sizes=\"(max-width: 551px) 100vw, 551px\" \/>\t\t\t\t\t\t\t\t\t\t\t\t\t\t\t<\/div>\n\t\t\t\t<\/div>\n\t\t\t\t\t<\/div>\n\t\t<\/div>\n\t\t\t\t<div class=\"elementor-column elementor-col-50 elementor-top-column elementor-element elementor-element-7b2df68\" data-id=\"7b2df68\" data-element_type=\"column\">\n\t\t\t<div class=\"elementor-widget-wrap elementor-element-populated\">\n\t\t\t\t\t\t<div class=\"elementor-element elementor-element-9c8a612 elementor-widget elementor-widget-text-editor\" data-id=\"9c8a612\" data-element_type=\"widget\" data-widget_type=\"text-editor.default\">\n\t\t\t\t<div class=\"elementor-widget-container\">\n\t\t\t\t\t\t\t\t\t<h2>Coneix els nostres cursos de primers auxilis en <span class=\"acqua\">nens i nadons<\/span><\/h2>\n\t\t\t\t\t\t\t\t<\/div>\n\t\t\t\t<\/div>\n\t\t\t\t<div class=\"elementor-element elementor-element-b77566b elementor-widget elementor-widget-text-editor\" data-id=\"b77566b\" data-element_type=\"widget\" data-widget_type=\"text-editor.default\">\n\t\t\t\t<div class=\"elementor-widget-container\">\n\t\t\t\t\t\t\t\t\t<p>A Sanit\u00e0rea t&#8217;oferim formaci\u00f3 especialitzada de primers auxilis en , nens i adolescents, tant per a pares, mares i cuidadors, com per a professionals del sector educatiu.<\/p>\n<p> <\/p>\n<p>Mitjan\u00e7ant els nostres cursos, tallers, xerrades i monogr\u00e0fics us facilitem totes les eines necess\u00e0ries perqu\u00e8 s\u00e0pigues com prevenir accidents i actuar en moments d&#8217;emerg\u00e8ncia, en qu\u00e8 una reacci\u00f3 r\u00e0pida, efica\u00e7, adequada i tranquil\u00b7la \u00e9s d&#8217;una import\u00e0ncia vital. Una vegada acabat el curs, ser\u00e0s capa\u00e7 de preveure i prevenir accidents, i d&#8217;aplicar les principals t\u00e8cniques de primers auxilis davant situacions de risc vital.<br>Es tracta de cursos teoricopr\u00e0ctics, que es poden realitzar de forma presencial o en l\u00ednia a les prov\u00edncies de <strong>Tarragona<\/strong>, <strong>Barcelona<\/strong> i <strong>Lleida<\/strong>, i que s&#8217;organitzen en grups redu\u00efts per facilitar l&#8217;aprenentatge.<\/p>\t\t\t\t\t\t\t\t<\/div>\n\t\t\t\t<\/div>\n\t\t\t\t\t<\/div>\n\t\t<\/div>\n\t\t\t\t\t<\/div>\n\t\t<\/section>\n\t\t\t\t<section class=\"elementor-section elementor-top-section elementor-element elementor-element-8eabafd p100 elementor-section-boxed elementor-section-height-default elementor-section-height-default\" data-id=\"8eabafd\" data-element_type=\"section\" id=\"about3\" data-settings=\"{&quot;background_background&quot;:&quot;classic&quot;}\">\n\t\t\t\t\t\t<div class=\"elementor-container elementor-column-gap-default\">\n\t\t\t\t\t<div class=\"elementor-column elementor-col-33 elementor-top-column elementor-element elementor-element-b3a881b\" data-id=\"b3a881b\" data-element_type=\"column\">\n\t\t\t<div class=\"elementor-widget-wrap elementor-element-populated\">\n\t\t\t\t\t\t<div class=\"elementor-element elementor-element-2664332 elementor-widget elementor-widget-image\" data-id=\"2664332\" data-element_type=\"widget\" data-widget_type=\"image.default\">\n\t\t\t\t<div class=\"elementor-widget-container\">\n\t\t\t\t\t\t\t\t\t\t\t\t\t\t\t<img decoding=\"async\" src=\"https:\/\/sanitarea.es\/wp-content\/uploads\/2022\/09\/empatia2.svg\" class=\"attachment-full size-full wp-image-1969\" alt=\"\" \/>\t\t\t\t\t\t\t\t\t\t\t\t\t\t\t<\/div>\n\t\t\t\t<\/div>\n\t\t\t\t<div class=\"elementor-element elementor-element-09392db elementor-widget elementor-widget-text-editor\" data-id=\"09392db\" data-element_type=\"widget\" data-widget_type=\"text-editor.default\">\n\t\t\t\t<div class=\"elementor-widget-container\">\n\t\t\t\t\t\t\t\t\tA Sanit\u00e0rea sabem quines s\u00f3n les teves inquietuds i preocupacions. Som professionals sanitaris, per\u00f2 tots els nostres formadors s\u00f3n tamb\u00e9 pares i mares. Som experts a posar-nos en el teu lloc!\n\t\t\t\t\t\t\t\t<\/div>\n\t\t\t\t<\/div>\n\t\t\t\t\t<\/div>\n\t\t<\/div>\n\t\t\t\t<div class=\"elementor-column elementor-col-33 elementor-top-column elementor-element elementor-element-f3f28ad\" data-id=\"f3f28ad\" data-element_type=\"column\">\n\t\t\t<div class=\"elementor-widget-wrap elementor-element-populated\">\n\t\t\t\t\t\t<div class=\"elementor-element elementor-element-583b06b elementor-widget elementor-widget-image\" data-id=\"583b06b\" data-element_type=\"widget\" data-widget_type=\"image.default\">\n\t\t\t\t<div class=\"elementor-widget-container\">\n\t\t\t\t\t\t\t\t\t\t\t\t\t\t\t<img decoding=\"async\" src=\"https:\/\/sanitarea.es\/wp-content\/uploads\/2022\/09\/practica2.svg\" class=\"attachment-full size-full wp-image-1973\" alt=\"\" \/>\t\t\t\t\t\t\t\t\t\t\t\t\t\t\t<\/div>\n\t\t\t\t<\/div>\n\t\t\t\t<div class=\"elementor-element elementor-element-575e1f6 elementor-widget elementor-widget-text-editor\" data-id=\"575e1f6\" data-element_type=\"widget\" data-widget_type=\"text-editor.default\">\n\t\t\t\t<div class=\"elementor-widget-container\">\n\t\t\t\t\t\t\t\t\t<p>T&#8217;oferim una formaci\u00f3 \u00fanica on podr\u00e0s practicar amb, m\u00ednim, un maniqu\u00ed per a cada dos alumnes i aprendre de forma pr\u00e0ctica a fer les principals maniobres de primers auxilis.<\/p>\n\t\t\t\t\t\t\t\t<\/div>\n\t\t\t\t<\/div>\n\t\t\t\t\t<\/div>\n\t\t<\/div>\n\t\t\t\t<div class=\"elementor-column elementor-col-33 elementor-top-column elementor-element elementor-element-7219ea8\" data-id=\"7219ea8\" data-element_type=\"column\">\n\t\t\t<div class=\"elementor-widget-wrap elementor-element-populated\">\n\t\t\t\t\t\t<div class=\"elementor-element elementor-element-6b231bb elementor-widget elementor-widget-image\" data-id=\"6b231bb\" data-element_type=\"widget\" data-widget_type=\"image.default\">\n\t\t\t\t<div class=\"elementor-widget-container\">\n\t\t\t\t\t\t\t\t\t\t\t\t\t\t\t<img decoding=\"async\" src=\"https:\/\/sanitarea.es\/wp-content\/uploads\/2022\/09\/equipo2.svg\" class=\"attachment-full size-full wp-image-1971\" alt=\"\" \/>\t\t\t\t\t\t\t\t\t\t\t\t\t\t\t<\/div>\n\t\t\t\t<\/div>\n\t\t\t\t<div class=\"elementor-element elementor-element-fb147da elementor-widget elementor-widget-text-editor\" data-id=\"fb147da\" data-element_type=\"widget\" data-widget_type=\"text-editor.default\">\n\t\t\t\t<div class=\"elementor-widget-container\">\n\t\t\t\t\t\t\t\t\t<p>Tots els nostres formadors tenen una dilatada formaci\u00f3 i anys d&#8217;experi\u00e8ncia, tant en atenci\u00f3 a urg\u00e8ncies i emerg\u00e8ncies com a l&#8217;ensenyament dels primers auxilis.<\/p>\n\t\t\t\t\t\t\t\t<\/div>\n\t\t\t\t<\/div>\n\t\t\t\t\t<\/div>\n\t\t<\/div>\n\t\t\t\t\t<\/div>\n\t\t<\/section>\n\t\t\t\t<section class=\"elementor-section elementor-top-section elementor-element elementor-element-12e57d9 pt100 elementor-section-boxed elementor-section-height-default elementor-section-height-default\" data-id=\"12e57d9\" data-element_type=\"section\" id=\"about5\">\n\t\t\t\t\t\t<div class=\"elementor-container elementor-column-gap-default\">\n\t\t\t\t\t<div class=\"elementor-column elementor-col-100 elementor-top-column elementor-element elementor-element-d8521bd\" data-id=\"d8521bd\" data-element_type=\"column\">\n\t\t\t<div class=\"elementor-widget-wrap elementor-element-populated\">\n\t\t\t\t\t\t<div class=\"elementor-element elementor-element-711b6e0 elementor-widget elementor-widget-text-editor\" data-id=\"711b6e0\" data-element_type=\"widget\" data-widget_type=\"text-editor.default\">\n\t\t\t\t<div class=\"elementor-widget-container\">\n\t\t\t\t\t\t\t\t\t<h2>M\u00e9s de 7 anys al teu costat<\/h2>\n\t\t\t\t\t\t\t\t<\/div>\n\t\t\t\t<\/div>\n\t\t\t\t<section class=\"elementor-section elementor-inner-section elementor-element elementor-element-2aa233b elementor-section-content-middle elementor-reverse-tablet elementor-reverse-mobile elementor-section-boxed elementor-section-height-default elementor-section-height-default\" data-id=\"2aa233b\" data-element_type=\"section\">\n\t\t\t\t\t\t<div class=\"elementor-container elementor-column-gap-default\">\n\t\t\t\t\t<div class=\"elementor-column elementor-col-50 elementor-inner-column elementor-element elementor-element-bd92a90\" data-id=\"bd92a90\" data-element_type=\"column\">\n\t\t\t<div class=\"elementor-widget-wrap elementor-element-populated\">\n\t\t\t\t\t\t<div class=\"elementor-element elementor-element-38bf640 elementor-widget elementor-widget-text-editor\" data-id=\"38bf640\" data-element_type=\"widget\" data-widget_type=\"text-editor.default\">\n\t\t\t\t<div class=\"elementor-widget-container\">\n\t\t\t\t\t\t\t\t\t<h3>Laura Sol\u00e9<\/h3>\n\t\t\t\t\t\t\t\t<\/div>\n\t\t\t\t<\/div>\n\t\t\t\t<div class=\"elementor-element elementor-element-44a12d5 elementor-widget elementor-widget-text-editor\" data-id=\"44a12d5\" data-element_type=\"widget\" data-widget_type=\"text-editor.default\">\n\t\t\t\t<div class=\"elementor-widget-container\">\n\t\t\t\t\t\t\t\t\t<p>Els meus estudis d&#8217;Infermeria s\u00f3n el punt de partida en aquest cam\u00ed, que \u00e9s el que m&#8217;ha portat a la creaci\u00f3 de <b>Sanitarea<\/b> al 2015.<\/p>\n<p> <\/p>\n<p>Despr\u00e9s d&#8217;especialitzar-me en atenci\u00f3 prehospital\u00e0ria urgent i despr\u00e9s de m\u00e9s de vint anys d&#8217;experi\u00e8ncia, vaig aprendre que la vida est\u00e0 feta de moments. En ser mare, vaig descobrir que hi ha bons moments, en els quals tot sembla anar sobre rodes, per\u00f2 tamb\u00e9 vaig poder apreciar l&#8217;exposats que estan els beb\u00e8s i els nens petits enfront d&#8217;unes certes situacions, com a malalties, accidents i altres emerg\u00e8ncies de gran risc vital. Va ser llavors quan vaig sentir la necessitat de formar a altres pares, mares i cuidadors perqu\u00e8 sabessin com actuar en moments cr\u00edtics, en els quals la vida dels seus petits podia estar en risc. Sanit\u00e0rea neix amb el principal objectiu d&#8217;ajudar-te a protegir i cuidar la vida dels qui m\u00e9s vols. T&#8217;agradaria saber m\u00e9s sobre els nostres cursos?<\/p>\t\t\t\t\t\t\t\t<\/div>\n\t\t\t\t<\/div>\n\t\t\t\t\t<\/div>\n\t\t<\/div>\n\t\t\t\t<div class=\"elementor-column elementor-col-50 elementor-inner-column elementor-element elementor-element-016fe8c\" data-id=\"016fe8c\" data-element_type=\"column\">\n\t\t\t<div class=\"elementor-widget-wrap elementor-element-populated\">\n\t\t\t\t\t\t<div class=\"elementor-element elementor-element-8b98799 elementor-widget elementor-widget-image\" data-id=\"8b98799\" data-element_type=\"widget\" data-widget_type=\"image.default\">\n\t\t\t\t<div class=\"elementor-widget-container\">\n\t\t\t\t\t\t\t\t\t\t\t\t\t\t\t<img decoding=\"async\" width=\"625\" height=\"626\" src=\"https:\/\/sanitarea.es\/wp-content\/uploads\/2023\/01\/Foto-Laura-Sole-.jpeg\" class=\"attachment-full size-full wp-image-3711\" alt=\"Foto Laura Sole\u0301\" srcset=\"https:\/\/sanitarea.es\/wp-content\/uploads\/2023\/01\/Foto-Laura-Sole-.jpeg 625w, https:\/\/sanitarea.es\/wp-content\/uploads\/2023\/01\/Foto-Laura-Sole--300x300.jpeg 300w, https:\/\/sanitarea.es\/wp-content\/uploads\/2023\/01\/Foto-Laura-Sole--100x100.jpeg 100w, https:\/\/sanitarea.es\/wp-content\/uploads\/2023\/01\/Foto-Laura-Sole--600x601.jpeg 600w, https:\/\/sanitarea.es\/wp-content\/uploads\/2023\/01\/Foto-Laura-Sole--150x150.jpeg 150w\" sizes=\"(max-width: 625px) 100vw, 625px\" \/>\t\t\t\t\t\t\t\t\t\t\t\t\t\t\t<\/div>\n\t\t\t\t<\/div>\n\t\t\t\t\t<\/div>\n\t\t<\/div>\n\t\t\t\t\t<\/div>\n\t\t<\/section>\n\t\t\t\t\t<\/div>\n\t\t<\/div>\n\t\t\t\t\t<\/div>\n\t\t<\/section>\n\t\t\t\t<section class=\"elementor-section elementor-top-section elementor-element elementor-element-bb638d7 p100 elementor-section-boxed elementor-section-height-default elementor-section-height-default\" data-id=\"bb638d7\" data-element_type=\"section\" id=\"home5\">\n\t\t\t\t\t\t<div class=\"elementor-container elementor-column-gap-default\">\n\t\t\t\t\t<div class=\"elementor-column elementor-col-100 elementor-top-column elementor-element elementor-element-6277ea0\" data-id=\"6277ea0\" data-element_type=\"column\">\n\t\t\t<div class=\"elementor-widget-wrap elementor-element-populated\">\n\t\t\t\t\t\t<div class=\"elementor-element elementor-element-d1f4e41 elementor-widget elementor-widget-image\" data-id=\"d1f4e41\" data-element_type=\"widget\" data-widget_type=\"image.default\">\n\t\t\t\t<div class=\"elementor-widget-container\">\n\t\t\t\t\t\t\t\t\t\t\t\t\t\t\t<img decoding=\"async\" width=\"1\" height=\"1\" src=\"https:\/\/sanitarea.es\/wp-content\/uploads\/2022\/08\/testimonios.svg\" class=\"attachment-large size-large wp-image-1020\" alt=\"\" \/>\t\t\t\t\t\t\t\t\t\t\t\t\t\t\t<\/div>\n\t\t\t\t<\/div>\n\t\t\t\t<div class=\"elementor-element elementor-element-05e38db elementor-testimonial--layout-image_above elementor-testimonial--skin-default elementor-testimonial--align-center elementor-arrows-yes elementor-pagination-type-bullets elementor-widget elementor-widget-testimonial-carousel\" data-id=\"05e38db\" data-element_type=\"widget\" data-settings=\"{&quot;slides_per_view&quot;:&quot;1&quot;,&quot;slides_to_scroll&quot;:&quot;1&quot;,&quot;show_arrows&quot;:&quot;yes&quot;,&quot;pagination&quot;:&quot;bullets&quot;,&quot;speed&quot;:500,&quot;autoplay&quot;:&quot;yes&quot;,&quot;autoplay_speed&quot;:5000,&quot;loop&quot;:&quot;yes&quot;,&quot;pause_on_hover&quot;:&quot;yes&quot;,&quot;pause_on_interaction&quot;:&quot;yes&quot;,&quot;space_between&quot;:{&quot;unit&quot;:&quot;px&quot;,&quot;size&quot;:10,&quot;sizes&quot;:[]},&quot;space_between_laptop&quot;:{&quot;unit&quot;:&quot;px&quot;,&quot;size&quot;:10,&quot;sizes&quot;:[]},&quot;space_between_tablet&quot;:{&quot;unit&quot;:&quot;px&quot;,&quot;size&quot;:10,&quot;sizes&quot;:[]},&quot;space_between_mobile&quot;:{&quot;unit&quot;:&quot;px&quot;,&quot;size&quot;:10,&quot;sizes&quot;:[]}}\" data-widget_type=\"testimonial-carousel.default\">\n\t\t\t\t<div class=\"elementor-widget-container\">\n\t\t\t\t\t\t\t\t\t<div class=\"elementor-swiper\">\n\t\t\t\t\t<div class=\"elementor-main-swiper swiper\" role=\"region\" aria-roledescription=\"carousel\" aria-label=\"Diapositives\">\n\t\t\t\t<div class=\"swiper-wrapper\">\n\t\t\t\t\t\t\t\t\t\t\t<div class=\"swiper-slide\" role=\"group\" aria-roledescription=\"slide\">\n\t\t\t\t\t\t\t\t\t<div class=\"elementor-testimonial\">\n\t\t\t\t\t\t\t<div class=\"elementor-testimonial__content\">\n\t\t\t\t\t<div class=\"elementor-testimonial__text\">\n\t\t\t\t\t\t<p>Al curs em va quedar molt clar les coses importants a fer en cas d'emerg\u00e8ncia, cosa que m'ha donat tranquil\u00b7litat en el dia a dia. Tothom ho hauria de fer, pares, avis, familiars i cuidadors dels petits. Molt recomanable!<\/p>\n\t\t\t\t\t<\/div>\n\t\t\t\t\t<cite class=\"elementor-testimonial__cite\"><span class=\"elementor-testimonial__name\">M\u00f3nica Monterde P\u00e9rez<\/span><\/cite>\t\t\t\t<\/div>\n\t\t\t\t\t\t<div class=\"elementor-testimonial__footer\">\n\t\t\t\t\t\t\t\t\t\t\t<\/div>\n\t\t<\/div>\n\t\t\t\t\t\t\t\t<\/div>\n\t\t\t\t\t\t\t\t\t\t\t<div class=\"swiper-slide\" role=\"group\" aria-roledescription=\"slide\">\n\t\t\t\t\t\t\t\t\t<div class=\"elementor-testimonial\">\n\t\t\t\t\t\t\t<div class=\"elementor-testimonial__content\">\n\t\t\t\t\t<div class=\"elementor-testimonial__text\">\n\t\t\t\t\t\t<p>Vaig fer el curs de primers auxilis en nens i nadons. D\u00f3na les eines per saber com reaccionar davant de situacions tant del dia a dia (menys greus per\u00f2 m\u00e9s freq\u00fcents) com situacions complicades amb m\u00e9s risc. Cal destacar que hi ha una part pr\u00e0ctica participativa que ajuda a entendre millor la formaci\u00f3 rebuda.<br \/>\n100% recomanat!<\/p>\n\t\t\t\t\t<\/div>\n\t\t\t\t\t<cite class=\"elementor-testimonial__cite\"><span class=\"elementor-testimonial__name\">Elisabet Vidilla<\/span><\/cite>\t\t\t\t<\/div>\n\t\t\t\t\t\t<div class=\"elementor-testimonial__footer\">\n\t\t\t\t\t\t\t\t\t\t\t<\/div>\n\t\t<\/div>\n\t\t\t\t\t\t\t\t<\/div>\n\t\t\t\t\t\t\t\t\t\t\t<div class=\"swiper-slide\" role=\"group\" aria-roledescription=\"slide\">\n\t\t\t\t\t\t\t\t\t<div class=\"elementor-testimonial\">\n\t\t\t\t\t\t\t<div class=\"elementor-testimonial__content\">\n\t\t\t\t\t<div class=\"elementor-testimonial__text\">\n\t\t\t\t\t\t<p>Taller molt pr\u00e0ctic i did\u00e0ctic. Hi ha una part m\u00e9s te\u00f2rica, amb exemples per a pares i mares que no som d'aquest m\u00f3n sanitari molt comprensibles, i una part pr\u00e0ctica on tots els participants fem els exercicis per poder practicar.<br \/>\nHa estat una bona experi\u00e8ncia i animo a tots a fer-ho!!!<\/p>\n\t\t\t\t\t<\/div>\n\t\t\t\t\t<cite class=\"elementor-testimonial__cite\"><span class=\"elementor-testimonial__name\">Marta Ced\u00f3 Perpiny\u00e0<\/span><\/cite>\t\t\t\t<\/div>\n\t\t\t\t\t\t<div class=\"elementor-testimonial__footer\">\n\t\t\t\t\t\t\t\t\t\t\t<\/div>\n\t\t<\/div>\n\t\t\t\t\t\t\t\t<\/div>\n\t\t\t\t\t\t\t\t\t\t\t<div class=\"swiper-slide\" role=\"group\" aria-roledescription=\"slide\">\n\t\t\t\t\t\t\t\t\t<div class=\"elementor-testimonial\">\n\t\t\t\t\t\t\t<div class=\"elementor-testimonial__content\">\n\t\t\t\t\t<div class=\"elementor-testimonial__text\">\n\t\t\t\t\t\t<p>Gran professional.<br \/>\nCursos amb gran aprenentatge tant te\u00f2ric com pr\u00e0ctic.<br \/>\n100 X 100 recomanable, sens dubte un 10!<\/p>\n\t\t\t\t\t<\/div>\n\t\t\t\t\t<cite class=\"elementor-testimonial__cite\"><span class=\"elementor-testimonial__name\">Cristina Mesegu\u00e9<\/span><\/cite>\t\t\t\t<\/div>\n\t\t\t\t\t\t<div class=\"elementor-testimonial__footer\">\n\t\t\t\t\t\t\t\t\t\t\t<\/div>\n\t\t<\/div>\n\t\t\t\t\t\t\t\t<\/div>\n\t\t\t\t\t\t\t\t\t<\/div>\n\t\t\t\t\t\t\t\t\t\t\t\t\t\t\t<div class=\"elementor-swiper-button elementor-swiper-button-prev\" role=\"button\" tabindex=\"0\" aria-label=\"Previous\">\n\t\t\t\t\t\t\t<i aria-hidden=\"true\" class=\"eicon-chevron-left\"><\/i>\t\t\t\t\t\t<\/div>\n\t\t\t\t\t\t<div class=\"elementor-swiper-button elementor-swiper-button-next\" role=\"button\" tabindex=\"0\" aria-label=\"Next\">\n\t\t\t\t\t\t\t<i aria-hidden=\"true\" class=\"eicon-chevron-right\"><\/i>\t\t\t\t\t\t<\/div>\n\t\t\t\t\t\t\t\t\t\t\t\t\t\t\t\t<div class=\"swiper-pagination\"><\/div>\n\t\t\t\t\t\t\t\t\t\t\t\t<\/div>\n\t\t\t\t<\/div>\n\t\t\t\t\t\t\t\t<\/div>\n\t\t\t\t<\/div>\n\t\t\t\t\t<\/div>\n\t\t<\/div>\n\t\t\t\t\t<\/div>\n\t\t<\/section>\n\t\t\t\t<section class=\"elementor-section elementor-top-section elementor-element elementor-element-dc1db64 pb100 elementor-section-boxed elementor-section-height-default elementor-section-height-default\" data-id=\"dc1db64\" data-element_type=\"section\" id=\"home6\">\n\t\t\t\t\t\t<div class=\"elementor-container elementor-column-gap-default\">\n\t\t\t\t\t<div class=\"elementor-column elementor-col-100 elementor-top-column elementor-element elementor-element-031a549\" data-id=\"031a549\" data-element_type=\"column\">\n\t\t\t<div class=\"elementor-widget-wrap elementor-element-populated\">\n\t\t\t\t\t\t<div class=\"elementor-element elementor-element-0d6ebda elementor-widget elementor-widget-text-editor\" data-id=\"0d6ebda\" data-element_type=\"widget\" data-widget_type=\"text-editor.default\">\n\t\t\t\t<div class=\"elementor-widget-container\">\n\t\t\t\t\t\t\t\t\t<h2>Visita <span class=\"acqua\">el nostre blog<\/span> sobre primers auxilis<\/h2>\n\t\t\t\t\t\t\t\t<\/div>\n\t\t\t\t<\/div>\n\t\t\t\t\t<\/div>\n\t\t<\/div>\n\t\t\t\t\t<\/div>\n\t\t<\/section>\n\t\t\t\t<\/div>\n\t\t","protected":false},"excerpt":{"rendered":"<p>Sanit\u00e0rea, al teu costat quan m\u00e9s ho necessites T&#8217;ensenyem a actuar de manera r\u00e0pida i adequada en situacions d&#8217;emerg\u00e8ncia i moments cr\u00edtics. Et preparem per a cuidar dels m\u00e9s petits Els , nens i adolescents s\u00f3n especialment vulnerables a sofrir algunes malalties i accidents en el dia a dia com a cremades, ferides o episodis &#8230; <a title=\"Sanitarea\" class=\"read-more\" href=\"https:\/\/sanitarea.es\/ca\/sanitarea\/\" aria-label=\"M\u00e9s informaci\u00f3 sobre Sanitarea\">Llegiu m\u00e9s<\/a><\/p>\n","protected":false},"author":1,"featured_media":0,"parent":0,"menu_order":0,"comment_status":"closed","ping_status":"closed","template":"","meta":{"footnotes":""},"class_list":["post-2795","page","type-page","status-publish"],"_links":{"self":[{"href":"https:\/\/sanitarea.es\/ca\/wp-json\/wp\/v2\/pages\/2795","targetHints":{"allow":["GET"]}}],"collection":[{"href":"https:\/\/sanitarea.es\/ca\/wp-json\/wp\/v2\/pages"}],"about":[{"href":"https:\/\/sanitarea.es\/ca\/wp-json\/wp\/v2\/types\/page"}],"author":[{"embeddable":true,"href":"https:\/\/sanitarea.es\/ca\/wp-json\/wp\/v2\/users\/1"}],"replies":[{"embeddable":true,"href":"https:\/\/sanitarea.es\/ca\/wp-json\/wp\/v2\/comments?post=2795"}],"version-history":[{"count":40,"href":"https:\/\/sanitarea.es\/ca\/wp-json\/wp\/v2\/pages\/2795\/revisions"}],"predecessor-version":[{"id":4072,"href":"https:\/\/sanitarea.es\/ca\/wp-json\/wp\/v2\/pages\/2795\/revisions\/4072"}],"wp:attachment":[{"href":"https:\/\/sanitarea.es\/ca\/wp-json\/wp\/v2\/media?parent=2795"}],"curies":[{"name":"wp","href":"https:\/\/api.w.org\/{rel}","templated":true}]}}